{"id":4352,"date":"2022-11-23T08:43:38","date_gmt":"2022-11-23T07:43:38","guid":{"rendered":"https:\/\/anguilleresponsable.com\/?page_id=4352"},"modified":"2022-11-30T15:19:21","modified_gmt":"2022-11-30T14:19:21","slug":"atlantikkuste","status":"publish","type":"page","link":"https:\/\/anguilleresponsable.com\/index.php\/de\/atlantikkuste\/","title":{"rendered":"Atlantikk\u00fcste"},"content":{"rendered":"\t\t<div data-elementor-type=\"wp-page\" data-elementor-id=\"4352\" class=\"elementor elementor-4352\">\n\t\t\t\t\t\t<section class=\"elementor-section elementor-top-section elementor-element elementor-element-f864419 elementor-section-boxed elementor-section-height-default elementor-section-height-default\" data-id=\"f864419\" data-element_type=\"section\" data-e-type=\"section\">\n\t\t\t\t\t\t<div class=\"elementor-container elementor-column-gap-default\">\n\t\t\t\t\t<div class=\"elementor-column elementor-col-50 elementor-top-column elementor-element elementor-element-2065a02\" data-id=\"2065a02\" data-element_type=\"column\" data-e-type=\"column\">\n\t\t\t<div class=\"elementor-widget-wrap elementor-element-populated\">\n\t\t\t\t\t\t<div class=\"elementor-element elementor-element-a2453b6 elementor-widget elementor-widget-text-editor\" data-id=\"a2453b6\" data-element_type=\"widget\" data-e-type=\"widget\" data-widget_type=\"text-editor.default\">\n\t\t\t\t<div class=\"elementor-widget-container\">\n\t\t\t\t\t\t\t\t\t<p>Von der Bretagne bis zum Baskenland wird Aal in verschiedenen Umgebungen befischt: Flussm\u00fcndungen, K\u00fcstenbuchten, K\u00fcstenbecken, Seen, Fl\u00fcsse und Str\u00f6me.<\/p><p>Es ist immer noch eine sehr wichtige Aktivit\u00e4t f\u00fcr die Wirtschaft der kleinen See- und Binnenfischerei. Im Jahr 2000 zeigte das von IFREMER koordinierte Programm PECOSUDE, da\u00df die Aalfischerei eine der wichtigsten Fischereiressourcen im Golf von Biskaya war. Seitdem haben die Aalverordnung 1100\/2007 und das Ausfuhrverbot f\u00fcr Aal au\u00dferhalb der Grenzen der Europ\u00e4ischen Union die Wirtschaft dieser T\u00e4tigkeit stark beeintr\u00e4chtigt, die jedoch f\u00fcr viele kleine Flotten an der Atlantikk\u00fcste nach wie vor eine wichtige T\u00e4tigkeit darstellt.<\/p><p><strong>In der Bretagne fangen 74 Seefischer<\/strong> Glasaale und 73 Gelbaale. Ihre Boote sind in verschiedenen Bezirken registriert: Saint-Malo, Saint-Brieuc, Brest, Camaret, Douarnenez, Le Guilvinec, Lorient, Auray, Vannes und Saint-Nazaire.<\/p><p><strong>Im Pays de Loire<\/strong> befischen neben den Meeresfischern auch professionelle S\u00fc\u00dfwasserfischer diese Art. <strong>148 Seefischer<\/strong> suchen Glasaale und Goldaale, ihre Schiffe sind in den H\u00e4fen von Noirmoutier, Les Sables d&rsquo;Olonne, Saint-Nazaire und Nantes sind.<\/p>\t\t\t\t\t\t\t\t<\/div>\n\t\t\t\t<\/div>\n\t\t\t\t\t<\/div>\n\t\t<\/div>\n\t\t\t\t<div class=\"elementor-column elementor-col-50 elementor-top-column elementor-element elementor-element-5285c3d\" data-id=\"5285c3d\" data-element_type=\"column\" data-e-type=\"column\">\n\t\t\t<div class=\"elementor-widget-wrap elementor-element-populated\">\n\t\t\t\t\t\t<div class=\"elementor-element elementor-element-cea1858 elementor-widget elementor-widget-text-editor\" data-id=\"cea1858\" data-element_type=\"widget\" data-e-type=\"widget\" data-widget_type=\"text-editor.default\">\n\t\t\t\t<div class=\"elementor-widget-container\">\n\t\t\t\t\t\t\t\t\t<p>Die Flussfischer von Glasaalen sind weniger zahlreich: <strong>20 Fischereiunternehmen<\/strong> \u00fcben auf den Grundst\u00fccken des Flussabschnitts der Loire. Sie fischen auch nach Gelbaal (52 Unternehmen) und Blankaal (22 Unternehmen), insbesondere im Grand-Lieu-See und in der Ebene von Mazerolles, aber auch in der Loire und ihren Nebenfl\u00fcssen.<\/p><p>In der Region <strong>Nouvelle-Aquitaine<\/strong> beuten die Fischer zahlreiche \u00d6kosysteme von der Charente bis zur spanischen Grenze aus. Dazu geh\u00f6ren <strong>185 Glasaale-Seefischer<\/strong>, <strong>184 Seefischer<\/strong>, die Gelbaale fischen, sowie <strong>10 Fischer<\/strong> ohne Boot, die eine besondere Art der Fischerei betreiben, die sogenannte \u00ab\u00a0Wellenfischerei\u00a0\u00bb, wo sie Glasaale von den Wellen an der K\u00fcste des Landes herausfischen.<\/p><p><strong>80 professionelle Flussfischer<\/strong> sind auf verschiedene Fl\u00fcsse verteilt, um Aale zu fischen: Charente, Garonne, Dordogne, Adour, am Zusammenfluss der Gebirgsb\u00e4cher der Westpyr\u00e4enen und K\u00fcstenstr\u00f6mungen von Mimizan und Contis. <strong>66 professionelle Flussfischer<\/strong> geben an, dort nach Gelbaal zu fischen.<\/p>\t\t\t\t\t\t\t\t<\/div>\n\t\t\t\t<\/div>\n\t\t\t\t\t<\/div>\n\t\t<\/div>\n\t\t\t\t\t<\/div>\n\t\t<\/section>\n\t\t\t\t<\/div>\n\t\t","protected":false},"excerpt":{"rendered":"Von der Bretagne bis zum Baskenland wird Aal in verschiedenen Umgebungen befischt: Flussm\u00fcndungen, K\u00fcstenbuchten, K\u00fcstenbecken, Seen, Fl\u00fcsse und Str\u00f6me. Es ist immer noch eine sehr wichtige Aktivit\u00e4t f\u00fcr die Wirtschaft der kleinen See- und Binnenfischerei. Im Jahr 2000 zeigte das von IFREMER koordinierte Programm PECOSUDE, da\u00df die Aalfischerei eine der wichtigsten Fischereiressourcen im Golf von ","protected":false},"author":2,"featured_media":0,"parent":0,"menu_order":0,"comment_status":"closed","ping_status":"closed","template":"","meta":{"footnotes":""},"class_list":["post-4352","page","type-page","status-publish","hentry"],"yoast_head":"<!-- This site is optimized with the Yoast SEO plugin v27.4 - https:\/\/yoast.com\/product\/yoast-seo-wordpress\/ -->\n<title>Atlantikk\u00fcste - Anguille Responsable<\/title>\n<meta name=\"robots\" content=\"index, follow, max-snippet:-1, max-image-preview:large, max-video-preview:-1\" \/>\n<link rel=\"canonical\" href=\"https:\/\/anguilleresponsable.com\/index.php\/de\/atlantikkuste\/\" \/>\n<meta property=\"og:locale\" content=\"fr_FR\" \/>\n<meta property=\"og:type\" content=\"article\" \/>\n<meta property=\"og:title\" content=\"Atlantikk\u00fcste - Anguille Responsable\" \/>\n<meta property=\"og:description\" content=\"Von der Bretagne bis zum Baskenland wird Aal in verschiedenen Umgebungen befischt: Flussm\u00fcndungen, K\u00fcstenbuchten, K\u00fcstenbecken, Seen, Fl\u00fcsse und Str\u00f6me. Es ist immer noch eine sehr wichtige Aktivit\u00e4t f\u00fcr die Wirtschaft der kleinen See- und Binnenfischerei. Im Jahr 2000 zeigte das von IFREMER koordinierte Programm PECOSUDE, da\u00df die Aalfischerei eine der wichtigsten Fischereiressourcen im Golf von\" \/>\n<meta property=\"og:url\" content=\"https:\/\/anguilleresponsable.com\/index.php\/de\/atlantikkuste\/\" \/>\n<meta property=\"og:site_name\" content=\"Anguille Responsable\" \/>\n<meta property=\"article:modified_time\" content=\"2022-11-30T14:19:21+00:00\" \/>\n<meta property=\"og:image\" content=\"https:\/\/anguilleresponsable.com\/wp-content\/uploads\/2024\/06\/marqueAFPMAR.jpg\" \/>\n\t<meta property=\"og:image:width\" content=\"1563\" \/>\n\t<meta property=\"og:image:height\" content=\"1563\" \/>\n\t<meta property=\"og:image:type\" content=\"image\/jpeg\" \/>\n<meta name=\"twitter:card\" content=\"summary_large_image\" \/>\n<meta name=\"twitter:label1\" content=\"Dur\u00e9e de lecture estim\u00e9e\" \/>\n\t<meta name=\"twitter:data1\" content=\"2 minutes\" \/>\n<script type=\"application\/ld+json\" class=\"yoast-schema-graph\">{\"@context\":\"https:\\\/\\\/schema.org\",\"@graph\":[{\"@type\":\"WebPage\",\"@id\":\"https:\\\/\\\/anguilleresponsable.com\\\/index.php\\\/de\\\/atlantikkuste\\\/\",\"url\":\"https:\\\/\\\/anguilleresponsable.com\\\/index.php\\\/de\\\/atlantikkuste\\\/\",\"name\":\"Atlantikk\u00fcste - Anguille Responsable\",\"isPartOf\":{\"@id\":\"https:\\\/\\\/anguilleresponsable.com\\\/#website\"},\"datePublished\":\"2022-11-23T07:43:38+00:00\",\"dateModified\":\"2022-11-30T14:19:21+00:00\",\"breadcrumb\":{\"@id\":\"https:\\\/\\\/anguilleresponsable.com\\\/index.php\\\/de\\\/atlantikkuste\\\/#breadcrumb\"},\"inLanguage\":\"fr-FR\",\"potentialAction\":[{\"@type\":\"ReadAction\",\"target\":[\"https:\\\/\\\/anguilleresponsable.com\\\/index.php\\\/de\\\/atlantikkuste\\\/\"]}]},{\"@type\":\"BreadcrumbList\",\"@id\":\"https:\\\/\\\/anguilleresponsable.com\\\/index.php\\\/de\\\/atlantikkuste\\\/#breadcrumb\",\"itemListElement\":[{\"@type\":\"ListItem\",\"position\":1,\"name\":\"Accueil\",\"item\":\"https:\\\/\\\/anguilleresponsable.com\\\/\"},{\"@type\":\"ListItem\",\"position\":2,\"name\":\"Atlantikk\u00fcste\"}]},{\"@type\":\"WebSite\",\"@id\":\"https:\\\/\\\/anguilleresponsable.com\\\/#website\",\"url\":\"https:\\\/\\\/anguilleresponsable.com\\\/\",\"name\":\"Anguille Responsable\",\"description\":\"Association Fran\u00e7aise pour la Promotion de la Marque Anguille Responsable\",\"publisher\":{\"@id\":\"https:\\\/\\\/anguilleresponsable.com\\\/#organization\"},\"alternateName\":\"AFPMAR\",\"potentialAction\":[{\"@type\":\"SearchAction\",\"target\":{\"@type\":\"EntryPoint\",\"urlTemplate\":\"https:\\\/\\\/anguilleresponsable.com\\\/?s={search_term_string}\"},\"query-input\":{\"@type\":\"PropertyValueSpecification\",\"valueRequired\":true,\"valueName\":\"search_term_string\"}}],\"inLanguage\":\"fr-FR\"},{\"@type\":\"Organization\",\"@id\":\"https:\\\/\\\/anguilleresponsable.com\\\/#organization\",\"name\":\"Anguille responsable\",\"alternateName\":\"AFPMAR\",\"url\":\"https:\\\/\\\/anguilleresponsable.com\\\/\",\"logo\":{\"@type\":\"ImageObject\",\"inLanguage\":\"fr-FR\",\"@id\":\"https:\\\/\\\/anguilleresponsable.com\\\/#\\\/schema\\\/logo\\\/image\\\/\",\"url\":\"https:\\\/\\\/anguilleresponsable.com\\\/wp-content\\\/uploads\\\/2024\\\/06\\\/marqueAFPMAR.jpg\",\"contentUrl\":\"https:\\\/\\\/anguilleresponsable.com\\\/wp-content\\\/uploads\\\/2024\\\/06\\\/marqueAFPMAR.jpg\",\"width\":1563,\"height\":1563,\"caption\":\"Anguille responsable\"},\"image\":{\"@id\":\"https:\\\/\\\/anguilleresponsable.com\\\/#\\\/schema\\\/logo\\\/image\\\/\"}}]}<\/script>\n<!-- \/ Yoast SEO plugin. -->","yoast_head_json":{"title":"Atlantikk\u00fcste - Anguille Responsable","robots":{"index":"index","follow":"follow","max-snippet":"max-snippet:-1","max-image-preview":"max-image-preview:large","max-video-preview":"max-video-preview:-1"},"canonical":"https:\/\/anguilleresponsable.com\/index.php\/de\/atlantikkuste\/","og_locale":"fr_FR","og_type":"article","og_title":"Atlantikk\u00fcste - Anguille Responsable","og_description":"Von der Bretagne bis zum Baskenland wird Aal in verschiedenen Umgebungen befischt: Flussm\u00fcndungen, K\u00fcstenbuchten, K\u00fcstenbecken, Seen, Fl\u00fcsse und Str\u00f6me. Es ist immer noch eine sehr wichtige Aktivit\u00e4t f\u00fcr die Wirtschaft der kleinen See- und Binnenfischerei. Im Jahr 2000 zeigte das von IFREMER koordinierte Programm PECOSUDE, da\u00df die Aalfischerei eine der wichtigsten Fischereiressourcen im Golf von","og_url":"https:\/\/anguilleresponsable.com\/index.php\/de\/atlantikkuste\/","og_site_name":"Anguille Responsable","article_modified_time":"2022-11-30T14:19:21+00:00","og_image":[{"width":1563,"height":1563,"url":"https:\/\/anguilleresponsable.com\/wp-content\/uploads\/2024\/06\/marqueAFPMAR.jpg","type":"image\/jpeg"}],"twitter_card":"summary_large_image","twitter_misc":{"Dur\u00e9e de lecture estim\u00e9e":"2 minutes"},"schema":{"@context":"https:\/\/schema.org","@graph":[{"@type":"WebPage","@id":"https:\/\/anguilleresponsable.com\/index.php\/de\/atlantikkuste\/","url":"https:\/\/anguilleresponsable.com\/index.php\/de\/atlantikkuste\/","name":"Atlantikk\u00fcste - Anguille Responsable","isPartOf":{"@id":"https:\/\/anguilleresponsable.com\/#website"},"datePublished":"2022-11-23T07:43:38+00:00","dateModified":"2022-11-30T14:19:21+00:00","breadcrumb":{"@id":"https:\/\/anguilleresponsable.com\/index.php\/de\/atlantikkuste\/#breadcrumb"},"inLanguage":"fr-FR","potentialAction":[{"@type":"ReadAction","target":["https:\/\/anguilleresponsable.com\/index.php\/de\/atlantikkuste\/"]}]},{"@type":"BreadcrumbList","@id":"https:\/\/anguilleresponsable.com\/index.php\/de\/atlantikkuste\/#breadcrumb","itemListElement":[{"@type":"ListItem","position":1,"name":"Accueil","item":"https:\/\/anguilleresponsable.com\/"},{"@type":"ListItem","position":2,"name":"Atlantikk\u00fcste"}]},{"@type":"WebSite","@id":"https:\/\/anguilleresponsable.com\/#website","url":"https:\/\/anguilleresponsable.com\/","name":"Anguille Responsable","description":"Association Fran\u00e7aise pour la Promotion de la Marque Anguille Responsable","publisher":{"@id":"https:\/\/anguilleresponsable.com\/#organization"},"alternateName":"AFPMAR","potentialAction":[{"@type":"SearchAction","target":{"@type":"EntryPoint","urlTemplate":"https:\/\/anguilleresponsable.com\/?s={search_term_string}"},"query-input":{"@type":"PropertyValueSpecification","valueRequired":true,"valueName":"search_term_string"}}],"inLanguage":"fr-FR"},{"@type":"Organization","@id":"https:\/\/anguilleresponsable.com\/#organization","name":"Anguille responsable","alternateName":"AFPMAR","url":"https:\/\/anguilleresponsable.com\/","logo":{"@type":"ImageObject","inLanguage":"fr-FR","@id":"https:\/\/anguilleresponsable.com\/#\/schema\/logo\/image\/","url":"https:\/\/anguilleresponsable.com\/wp-content\/uploads\/2024\/06\/marqueAFPMAR.jpg","contentUrl":"https:\/\/anguilleresponsable.com\/wp-content\/uploads\/2024\/06\/marqueAFPMAR.jpg","width":1563,"height":1563,"caption":"Anguille responsable"},"image":{"@id":"https:\/\/anguilleresponsable.com\/#\/schema\/logo\/image\/"}}]}},"_links":{"self":[{"href":"https:\/\/anguilleresponsable.com\/index.php\/wp-json\/wp\/v2\/pages\/4352","targetHints":{"allow":["GET"]}}],"collection":[{"href":"https:\/\/anguilleresponsable.com\/index.php\/wp-json\/wp\/v2\/pages"}],"about":[{"href":"https:\/\/anguilleresponsable.com\/index.php\/wp-json\/wp\/v2\/types\/page"}],"author":[{"embeddable":true,"href":"https:\/\/anguilleresponsable.com\/index.php\/wp-json\/wp\/v2\/users\/2"}],"replies":[{"embeddable":true,"href":"https:\/\/anguilleresponsable.com\/index.php\/wp-json\/wp\/v2\/comments?post=4352"}],"version-history":[{"count":7,"href":"https:\/\/anguilleresponsable.com\/index.php\/wp-json\/wp\/v2\/pages\/4352\/revisions"}],"predecessor-version":[{"id":4675,"href":"https:\/\/anguilleresponsable.com\/index.php\/wp-json\/wp\/v2\/pages\/4352\/revisions\/4675"}],"wp:attachment":[{"href":"https:\/\/anguilleresponsable.com\/index.php\/wp-json\/wp\/v2\/media?parent=4352"}],"curies":[{"name":"wp","href":"https:\/\/api.w.org\/{rel}","templated":true}]}}